{"id":2691,"date":"2019-08-07T23:28:33","date_gmt":"2019-08-07T21:28:33","guid":{"rendered":"http:\/\/www.holle-robatsch.at\/aktuelles\/"},"modified":"2022-04-19T19:21:37","modified_gmt":"2022-04-19T17:21:37","slug":"latest","status":"publish","type":"page","link":"https:\/\/www.holle-robatsch.at\/en\/latest\/","title":{"rendered":"Latest"},"content":{"rendered":"<p>Latest News!<br \/>\n<figure id=\"attachment_3027\" aria-describedby=\"caption-attachment-3027\" style=\"width: 640px\" class=\"wp-caption alignnone\"><a href=\"https:\/\/www.holle-robatsch.at\/wp-content\/uploads\/2022\/04\/2022-04-19_GesundundFit-752x1024.png\"><img decoding=\"async\" loading=\"lazy\" src=\"https:\/\/www.holle-robatsch.at\/wp-content\/uploads\/2022\/04\/2022-04-19_GesundundFit-752x1024.png\" alt=\"\" width=\"640\" height=\"871\" class=\"size-large wp-image-3027\" srcset=\"https:\/\/www.holle-robatsch.at\/wp-content\/uploads\/2022\/04\/2022-04-19_GesundundFit-752x1024.png 752w, https:\/\/www.holle-robatsch.at\/wp-content\/uploads\/2022\/04\/2022-04-19_GesundundFit-220x300.png 220w, https:\/\/www.holle-robatsch.at\/wp-content\/uploads\/2022\/04\/2022-04-19_GesundundFit-768x1046.png 768w, https:\/\/www.holle-robatsch.at\/wp-content\/uploads\/2022\/04\/2022-04-19_GesundundFit.png 978w\" sizes=\"(max-width: 640px) 100vw, 640px\" \/><\/a><figcaption id=\"caption-attachment-3027\" class=\"wp-caption-text\">Foto: iStock<br \/>Quelle: Heute (Seite 21, 5.4.2022)<\/figcaption><\/figure>\n<p>&nbsp;<\/p>\n<hr \/>\n<h2>Watch latest videos of Dr. Sylvia Holle Robatsch<\/h2>\n<div style=\"background-color: #ebebeb; padding: 4%;\">\n<div class=\"automatic-youtube-gallery ayg\">\n        <ayg-theme-classic id=\"ayg-32d51fb16c02df5c836096ab40f52502\" class=\"ayg-theme ayg-theme-classic\" data-params=\"{&quot;uid&quot;:&quot;32d51fb16c02df5c836096ab40f52502&quot;,&quot;loop&quot;:0,&quot;autoadvance&quot;:0,&quot;player_title&quot;:1,&quot;player_description&quot;:0}\">\n        <div class=\"ayg-player\">\n            <div class=\"ayg-player-container\" style=\"max-width: 100%;\">\n                <ayg-player src=\"https:\/\/www.youtube.com\/embed\/D-RsW7X-CEo?enablejsapi=1&#038;playsinline=1&#038;rel=0&#038;modestbranding=1&#038;iv_load_policy=3\" ratio=\"56.25\" title=\"Dr. Sylvia Holle-Robatsch \u00fcbers Thema K\u00f6rperpflege, Shampoo, Seife &amp; Co, bei alpha, am 21. M\u00e4rz 2021\" poster=\"https:\/\/i.ytimg.com\/vi\/D-RsW7X-CEo\/maxresdefault.jpg\"><\/ayg-player>           \n            <\/div>\n            <div class=\"ayg-player-caption\">\n                    \n                    <h2 class=\"ayg-player-title\">Dr. Sylvia Holle-Robatsch \u00fcbers Thema K\u00f6rperpflege, Shampoo, Seife &amp; Co, bei alpha, am 21. M\u00e4rz 2021<\/h2>  \n                                            <\/div>\n        <\/div>\n        <div class=\"ayg-videos ayg-gallery ayg-row\">\n                            <div class=\"ayg-video ayg-video-D-RsW7X-CEo ayg-col ayg-col-3 ayg-col-xs-2 ayg-active\">\n                    <div class=\"ayg-thumbnail\" data-id=\"D-RsW7X-CEo\" data-title=\"Dr. Sylvia Holle-Robatsch \u00fcbers Thema K\u00f6rperpflege, Shampoo, Seife &amp; Co, bei alpha, am 21. M\u00e4rz 2021\" data-url=\"\">\n    <div class=\"ayg-thumbnail-media\" style=\"--ayg-image-ratio: 4 \/ 3\">\n        <img src=\"https:\/\/i.ytimg.com\/vi\/D-RsW7X-CEo\/sddefault.jpg\" class=\"ayg-thumbnail-image\" width=\"640\" height=\"480\" alt=\"Dr. Sylvia Holle-Robatsch \u00fcbers Thema K\u00f6rperpflege, Shampoo, Seife &amp; Co, bei alpha, am 21. M\u00e4rz 2021\" decoding=\"async\"\/><div class=\"ayg-thumbnail-now-playing\" style=\"display: none;\">Now Playing<\/div><svg xmlns=\"http:\/\/www.w3.org\/2000\/svg\" fill=\"white\" width=\"40\" height=\"40\" viewBox=\"0 0 24 24\" class=\"ayg-icon ayg-thumbnail-icon-play\" title=\"Play\" aria-label=\"Play\"><path fill-rule=\"evenodd\" d=\"M2.25 12c0-5.385 4.365-9.75 9.75-9.75s9.75 4.365 9.75 9.75-4.365 9.75-9.75 9.75S2.25 17.385 2.25 12Zm14.024-.983a1.125 1.125 0 0 1 0 1.966l-5.603 3.113A1.125 1.125 0 0 1 9 15.113V8.887c0-.857.921-1.4 1.671-.983l5.603 3.113Z\" clip-rule=\"evenodd\" \/><\/svg>        \n    <\/div>\n    <div class=\"ayg-thumbnail-caption\">\n         \n            <div class=\"ayg-thumbnail-title\">Dr. Sylvia Holle-Robatsch \u00fcbers Thema K\u00f6rperpflege, Shampoo, Seife &amp; Co, bei alpha, am 21. M\u00e4rz 2021<\/div>\n         \n                    <div class=\"ayg-thumbnail-excerpt\">Aus der Sendung \"Shampoo, Seife und Co. - Die Schattenseiten der ...<\/div>\n                    <\/div>           \n<\/div>                <\/div>\n                            <div class=\"ayg-video ayg-video-KCK-7aALKak ayg-col ayg-col-3 ayg-col-xs-2\">\n                    <div class=\"ayg-thumbnail\" data-id=\"KCK-7aALKak\" data-title=\"Dr. Sylvia Holle-Robatsch im Interview mit Magazin1, am 24.07.2020. Thema: Sonnenkreme\" data-url=\"\">\n    <div class=\"ayg-thumbnail-media\" style=\"--ayg-image-ratio: 4 \/ 3\">\n        <img src=\"https:\/\/i.ytimg.com\/vi\/KCK-7aALKak\/sddefault.jpg\" class=\"ayg-thumbnail-image\" width=\"640\" height=\"480\" alt=\"Dr. Sylvia Holle-Robatsch im Interview mit Magazin1, am 24.07.2020. Thema: Sonnenkreme\" decoding=\"async\"\/><div class=\"ayg-thumbnail-now-playing\" style=\"display: none;\">Now Playing<\/div><svg xmlns=\"http:\/\/www.w3.org\/2000\/svg\" fill=\"white\" width=\"40\" height=\"40\" viewBox=\"0 0 24 24\" class=\"ayg-icon ayg-thumbnail-icon-play\" title=\"Play\" aria-label=\"Play\"><path fill-rule=\"evenodd\" d=\"M2.25 12c0-5.385 4.365-9.75 9.75-9.75s9.75 4.365 9.75 9.75-4.365 9.75-9.75 9.75S2.25 17.385 2.25 12Zm14.024-.983a1.125 1.125 0 0 1 0 1.966l-5.603 3.113A1.125 1.125 0 0 1 9 15.113V8.887c0-.857.921-1.4 1.671-.983l5.603 3.113Z\" clip-rule=\"evenodd\" \/><\/svg>        \n    <\/div>\n    <div class=\"ayg-thumbnail-caption\">\n         \n            <div class=\"ayg-thumbnail-title\">Dr. Sylvia Holle-Robatsch im Interview mit Magazin1, am 24.07.2020. Thema: Sonnenkreme<\/div>\n         \n                    <\/div>           \n<\/div>                <\/div>\n                            <div class=\"ayg-video ayg-video-HaVeSgkTPTE ayg-col ayg-col-3 ayg-col-xs-2\">\n                    <div class=\"ayg-thumbnail\" data-id=\"HaVeSgkTPTE\" data-title=\"Dr. Holle-Robatsch \u00fcber Sonnenbrand, am 11.07.2019 - im konkret-Interview\" data-url=\"\">\n    <div class=\"ayg-thumbnail-media\" style=\"--ayg-image-ratio: 4 \/ 3\">\n        <img src=\"https:\/\/i.ytimg.com\/vi\/HaVeSgkTPTE\/sddefault.jpg\" class=\"ayg-thumbnail-image\" width=\"640\" height=\"480\" alt=\"Dr. Holle-Robatsch \u00fcber Sonnenbrand, am 11.07.2019 - im konkret-Interview\" decoding=\"async\"\/><div class=\"ayg-thumbnail-now-playing\" style=\"display: none;\">Now Playing<\/div><svg xmlns=\"http:\/\/www.w3.org\/2000\/svg\" fill=\"white\" width=\"40\" height=\"40\" viewBox=\"0 0 24 24\" class=\"ayg-icon ayg-thumbnail-icon-play\" title=\"Play\" aria-label=\"Play\"><path fill-rule=\"evenodd\" d=\"M2.25 12c0-5.385 4.365-9.75 9.75-9.75s9.75 4.365 9.75 9.75-4.365 9.75-9.75 9.75S2.25 17.385 2.25 12Zm14.024-.983a1.125 1.125 0 0 1 0 1.966l-5.603 3.113A1.125 1.125 0 0 1 9 15.113V8.887c0-.857.921-1.4 1.671-.983l5.603 3.113Z\" clip-rule=\"evenodd\" \/><\/svg>        \n    <\/div>\n    <div class=\"ayg-thumbnail-caption\">\n         \n            <div class=\"ayg-thumbnail-title\">Dr. Holle-Robatsch \u00fcber Sonnenbrand, am 11.07.2019 - im konkret-Interview<\/div>\n         \n                    <\/div>           \n<\/div>                <\/div>\n                            <div class=\"ayg-video ayg-video-6emG4cOd9mc ayg-col ayg-col-3 ayg-col-xs-2\">\n                    <div class=\"ayg-thumbnail\" data-id=\"6emG4cOd9mc\" data-title=\"Dr. Sylvia Holle-Robatsch \u00fcber Vitamin D, am 16.07.2019 im konkret-Interview\" data-url=\"\">\n    <div class=\"ayg-thumbnail-media\" style=\"--ayg-image-ratio: 4 \/ 3\">\n        <img src=\"https:\/\/i.ytimg.com\/vi\/6emG4cOd9mc\/sddefault.jpg\" class=\"ayg-thumbnail-image\" width=\"640\" height=\"480\" alt=\"Dr. Sylvia Holle-Robatsch \u00fcber Vitamin D, am 16.07.2019 im konkret-Interview\" decoding=\"async\"\/><div class=\"ayg-thumbnail-now-playing\" style=\"display: none;\">Now Playing<\/div><svg xmlns=\"http:\/\/www.w3.org\/2000\/svg\" fill=\"white\" width=\"40\" height=\"40\" viewBox=\"0 0 24 24\" class=\"ayg-icon ayg-thumbnail-icon-play\" title=\"Play\" aria-label=\"Play\"><path fill-rule=\"evenodd\" d=\"M2.25 12c0-5.385 4.365-9.75 9.75-9.75s9.75 4.365 9.75 9.75-4.365 9.75-9.75 9.75S2.25 17.385 2.25 12Zm14.024-.983a1.125 1.125 0 0 1 0 1.966l-5.603 3.113A1.125 1.125 0 0 1 9 15.113V8.887c0-.857.921-1.4 1.671-.983l5.603 3.113Z\" clip-rule=\"evenodd\" \/><\/svg>        \n    <\/div>\n    <div class=\"ayg-thumbnail-caption\">\n         \n            <div class=\"ayg-thumbnail-title\">Dr. Sylvia Holle-Robatsch \u00fcber Vitamin D, am 16.07.2019 im konkret-Interview<\/div>\n         \n                    <\/div>           \n<\/div>                <\/div>\n                            <div class=\"ayg-video ayg-video-tXIcMcBT3M0 ayg-col ayg-col-3 ayg-col-xs-2\">\n                    <div class=\"ayg-thumbnail\" data-id=\"tXIcMcBT3M0\" data-title=\"Sylvia Holle-Robatsch \u00fcber Sonnenschutz, am 4.6.2018 - im konkret-Interview\" data-url=\"\">\n    <div class=\"ayg-thumbnail-media\" style=\"--ayg-image-ratio: 4 \/ 3\">\n        <img src=\"https:\/\/i.ytimg.com\/vi\/tXIcMcBT3M0\/sddefault.jpg\" class=\"ayg-thumbnail-image\" width=\"640\" height=\"480\" alt=\"Sylvia Holle-Robatsch \u00fcber Sonnenschutz, am 4.6.2018 - im konkret-Interview\" decoding=\"async\"\/><div class=\"ayg-thumbnail-now-playing\" style=\"display: none;\">Now Playing<\/div><svg xmlns=\"http:\/\/www.w3.org\/2000\/svg\" fill=\"white\" width=\"40\" height=\"40\" viewBox=\"0 0 24 24\" class=\"ayg-icon ayg-thumbnail-icon-play\" title=\"Play\" aria-label=\"Play\"><path fill-rule=\"evenodd\" d=\"M2.25 12c0-5.385 4.365-9.75 9.75-9.75s9.75 4.365 9.75 9.75-4.365 9.75-9.75 9.75S2.25 17.385 2.25 12Zm14.024-.983a1.125 1.125 0 0 1 0 1.966l-5.603 3.113A1.125 1.125 0 0 1 9 15.113V8.887c0-.857.921-1.4 1.671-.983l5.603 3.113Z\" clip-rule=\"evenodd\" \/><\/svg>        \n    <\/div>\n    <div class=\"ayg-thumbnail-caption\">\n         \n            <div class=\"ayg-thumbnail-title\">Sylvia Holle-Robatsch \u00fcber Sonnenschutz, am 4.6.2018 - im konkret-Interview<\/div>\n         \n                    <div class=\"ayg-thumbnail-excerpt\">In diesem Video erkl\u00e4rt Dr. Sylvia Holle-Robatsch \u00fcber die Gefahren ...<\/div>\n                    <\/div>           \n<\/div>                <\/div>\n                            <div class=\"ayg-video ayg-video-NjEoc5GCBcc ayg-col ayg-col-3 ayg-col-xs-2\">\n                    <div class=\"ayg-thumbnail\" data-id=\"NjEoc5GCBcc\" data-title=\"Dr. Sylvia Holle-Robatsch \u00fcber das Thema Lidstraffung, am 13.01.2015, im Interview mit konkret\" data-url=\"\">\n    <div class=\"ayg-thumbnail-media\" style=\"--ayg-image-ratio: 4 \/ 3\">\n        <img src=\"https:\/\/i.ytimg.com\/vi\/NjEoc5GCBcc\/sddefault.jpg\" class=\"ayg-thumbnail-image\" width=\"640\" height=\"480\" alt=\"Dr. Sylvia Holle-Robatsch \u00fcber das Thema Lidstraffung, am 13.01.2015, im Interview mit konkret\" decoding=\"async\"\/><div class=\"ayg-thumbnail-now-playing\" style=\"display: none;\">Now Playing<\/div><svg xmlns=\"http:\/\/www.w3.org\/2000\/svg\" fill=\"white\" width=\"40\" height=\"40\" viewBox=\"0 0 24 24\" class=\"ayg-icon ayg-thumbnail-icon-play\" title=\"Play\" aria-label=\"Play\"><path fill-rule=\"evenodd\" d=\"M2.25 12c0-5.385 4.365-9.75 9.75-9.75s9.75 4.365 9.75 9.75-4.365 9.75-9.75 9.75S2.25 17.385 2.25 12Zm14.024-.983a1.125 1.125 0 0 1 0 1.966l-5.603 3.113A1.125 1.125 0 0 1 9 15.113V8.887c0-.857.921-1.4 1.671-.983l5.603 3.113Z\" clip-rule=\"evenodd\" \/><\/svg>        \n    <\/div>\n    <div class=\"ayg-thumbnail-caption\">\n         \n            <div class=\"ayg-thumbnail-title\">Dr. Sylvia Holle-Robatsch \u00fcber das Thema Lidstraffung, am 13.01.2015, im Interview mit konkret<\/div>\n         \n                    <\/div>           \n<\/div>                <\/div>\n                            <div class=\"ayg-video ayg-video-h_U6yc46BRA ayg-col ayg-col-3 ayg-col-xs-2\">\n                    <div class=\"ayg-thumbnail\" data-id=\"h_U6yc46BRA\" data-title=\"Dr. Sylvia Holle-Robatsch: Antworten zum Thema &quot;Nagellackentferner&quot;, am 29.07.2015, bei konkret\" data-url=\"\">\n    <div class=\"ayg-thumbnail-media\" style=\"--ayg-image-ratio: 4 \/ 3\">\n        <img src=\"https:\/\/i.ytimg.com\/vi\/h_U6yc46BRA\/sddefault.jpg\" class=\"ayg-thumbnail-image\" width=\"640\" height=\"480\" alt=\"Dr. Sylvia Holle-Robatsch: Antworten zum Thema &quot;Nagellackentferner&quot;, am 29.07.2015, bei konkret\" decoding=\"async\"\/><div class=\"ayg-thumbnail-now-playing\" style=\"display: none;\">Now Playing<\/div><svg xmlns=\"http:\/\/www.w3.org\/2000\/svg\" fill=\"white\" width=\"40\" height=\"40\" viewBox=\"0 0 24 24\" class=\"ayg-icon ayg-thumbnail-icon-play\" title=\"Play\" aria-label=\"Play\"><path fill-rule=\"evenodd\" d=\"M2.25 12c0-5.385 4.365-9.75 9.75-9.75s9.75 4.365 9.75 9.75-4.365 9.75-9.75 9.75S2.25 17.385 2.25 12Zm14.024-.983a1.125 1.125 0 0 1 0 1.966l-5.603 3.113A1.125 1.125 0 0 1 9 15.113V8.887c0-.857.921-1.4 1.671-.983l5.603 3.113Z\" clip-rule=\"evenodd\" \/><\/svg>        \n    <\/div>\n    <div class=\"ayg-thumbnail-caption\">\n         \n            <div class=\"ayg-thumbnail-title\">Dr. Sylvia Holle-Robatsch: Antworten zum Thema &quot;Nagellackentferner&quot;, am 29.07.2015, bei konkret<\/div>\n         \n                    <\/div>           \n<\/div>                <\/div>\n                            <div class=\"ayg-video ayg-video-mmH0GSX-hqI ayg-col ayg-col-3 ayg-col-xs-2\">\n                    <div class=\"ayg-thumbnail\" data-id=\"mmH0GSX-hqI\" data-title=\"Dr. Sylvia Holle-Robatsch erkl\u00e4rt Cryotherapie, am 26.05.2014, im konkret-Interview\" data-url=\"\">\n    <div class=\"ayg-thumbnail-media\" style=\"--ayg-image-ratio: 4 \/ 3\">\n        <img src=\"https:\/\/i.ytimg.com\/vi\/mmH0GSX-hqI\/sddefault.jpg\" class=\"ayg-thumbnail-image\" width=\"640\" height=\"480\" alt=\"Dr. Sylvia Holle-Robatsch erkl\u00e4rt Cryotherapie, am 26.05.2014, im konkret-Interview\" decoding=\"async\"\/><div class=\"ayg-thumbnail-now-playing\" style=\"display: none;\">Now Playing<\/div><svg xmlns=\"http:\/\/www.w3.org\/2000\/svg\" fill=\"white\" width=\"40\" height=\"40\" viewBox=\"0 0 24 24\" class=\"ayg-icon ayg-thumbnail-icon-play\" title=\"Play\" aria-label=\"Play\"><path fill-rule=\"evenodd\" d=\"M2.25 12c0-5.385 4.365-9.75 9.75-9.75s9.75 4.365 9.75 9.75-4.365 9.75-9.75 9.75S2.25 17.385 2.25 12Zm14.024-.983a1.125 1.125 0 0 1 0 1.966l-5.603 3.113A1.125 1.125 0 0 1 9 15.113V8.887c0-.857.921-1.4 1.671-.983l5.603 3.113Z\" clip-rule=\"evenodd\" \/><\/svg>        \n    <\/div>\n    <div class=\"ayg-thumbnail-caption\">\n         \n            <div class=\"ayg-thumbnail-title\">Dr. Sylvia Holle-Robatsch erkl\u00e4rt Cryotherapie, am 26.05.2014, im konkret-Interview<\/div>\n         \n                    <\/div>           \n<\/div>                <\/div>\n                            <div class=\"ayg-video ayg-video-p1rNlewD2to ayg-col ayg-col-3 ayg-col-xs-2\">\n                    <div class=\"ayg-thumbnail\" data-id=\"p1rNlewD2to\" data-title=\"Dr. Sylvia Holle-Robatsch ueber die &quot;Wundercreme&quot;, am 04.07.2014 im konkret-Interview\" data-url=\"\">\n    <div class=\"ayg-thumbnail-media\" style=\"--ayg-image-ratio: 4 \/ 3\">\n        <img src=\"https:\/\/i.ytimg.com\/vi\/p1rNlewD2to\/sddefault.jpg\" class=\"ayg-thumbnail-image\" width=\"640\" height=\"480\" alt=\"Dr. Sylvia Holle-Robatsch ueber die &quot;Wundercreme&quot;, am 04.07.2014 im konkret-Interview\" decoding=\"async\"\/><div class=\"ayg-thumbnail-now-playing\" style=\"display: none;\">Now Playing<\/div><svg xmlns=\"http:\/\/www.w3.org\/2000\/svg\" fill=\"white\" width=\"40\" height=\"40\" viewBox=\"0 0 24 24\" class=\"ayg-icon ayg-thumbnail-icon-play\" title=\"Play\" aria-label=\"Play\"><path fill-rule=\"evenodd\" d=\"M2.25 12c0-5.385 4.365-9.75 9.75-9.75s9.75 4.365 9.75 9.75-4.365 9.75-9.75 9.75S2.25 17.385 2.25 12Zm14.024-.983a1.125 1.125 0 0 1 0 1.966l-5.603 3.113A1.125 1.125 0 0 1 9 15.113V8.887c0-.857.921-1.4 1.671-.983l5.603 3.113Z\" clip-rule=\"evenodd\" \/><\/svg>        \n    <\/div>\n    <div class=\"ayg-thumbnail-caption\">\n         \n            <div class=\"ayg-thumbnail-title\">Dr. Sylvia Holle-Robatsch ueber die &quot;Wundercreme&quot;, am 04.07.2014 im konkret-Interview<\/div>\n         \n                    <\/div>           \n<\/div>                <\/div>\n                            <div class=\"ayg-video ayg-video-_nZcRnMkFH4 ayg-col ayg-col-3 ayg-col-xs-2\">\n                    <div class=\"ayg-thumbnail\" data-id=\"_nZcRnMkFH4\" data-title=\"Dr. Sylvia Holle-Robatsch erkl\u00e4rt Schoenheitsmedizin, am 12.12.2013, im Interview mit konkret\" data-url=\"\">\n    <div class=\"ayg-thumbnail-media\" style=\"--ayg-image-ratio: 4 \/ 3\">\n        <img src=\"https:\/\/i.ytimg.com\/vi\/_nZcRnMkFH4\/sddefault.jpg\" class=\"ayg-thumbnail-image\" width=\"640\" height=\"480\" alt=\"Dr. Sylvia Holle-Robatsch erkl\u00e4rt Schoenheitsmedizin, am 12.12.2013, im Interview mit konkret\" decoding=\"async\"\/><div class=\"ayg-thumbnail-now-playing\" style=\"display: none;\">Now Playing<\/div><svg xmlns=\"http:\/\/www.w3.org\/2000\/svg\" fill=\"white\" width=\"40\" height=\"40\" viewBox=\"0 0 24 24\" class=\"ayg-icon ayg-thumbnail-icon-play\" title=\"Play\" aria-label=\"Play\"><path fill-rule=\"evenodd\" d=\"M2.25 12c0-5.385 4.365-9.75 9.75-9.75s9.75 4.365 9.75 9.75-4.365 9.75-9.75 9.75S2.25 17.385 2.25 12Zm14.024-.983a1.125 1.125 0 0 1 0 1.966l-5.603 3.113A1.125 1.125 0 0 1 9 15.113V8.887c0-.857.921-1.4 1.671-.983l5.603 3.113Z\" clip-rule=\"evenodd\" \/><\/svg>        \n    <\/div>\n    <div class=\"ayg-thumbnail-caption\">\n         \n            <div class=\"ayg-thumbnail-title\">Dr. Sylvia Holle-Robatsch erkl\u00e4rt Schoenheitsmedizin, am 12.12.2013, im Interview mit konkret<\/div>\n         \n                    <\/div>           \n<\/div>                <\/div>\n                            <div class=\"ayg-video ayg-video-A-F4hCyxztM ayg-col ayg-col-3 ayg-col-xs-2\">\n                    <div class=\"ayg-thumbnail\" data-id=\"A-F4hCyxztM\" data-title=\"Dr. Sylvia Holle-Robatsch im Interview bei ORF, am 12.11.2012\" data-url=\"\">\n    <div class=\"ayg-thumbnail-media\" style=\"--ayg-image-ratio: 4 \/ 3\">\n        <img src=\"https:\/\/i.ytimg.com\/vi\/A-F4hCyxztM\/sddefault.jpg\" class=\"ayg-thumbnail-image\" width=\"640\" height=\"480\" alt=\"Dr. Sylvia Holle-Robatsch im Interview bei ORF, am 12.11.2012\" decoding=\"async\"\/><div class=\"ayg-thumbnail-now-playing\" style=\"display: none;\">Now Playing<\/div><svg xmlns=\"http:\/\/www.w3.org\/2000\/svg\" fill=\"white\" width=\"40\" height=\"40\" viewBox=\"0 0 24 24\" class=\"ayg-icon ayg-thumbnail-icon-play\" title=\"Play\" aria-label=\"Play\"><path fill-rule=\"evenodd\" d=\"M2.25 12c0-5.385 4.365-9.75 9.75-9.75s9.75 4.365 9.75 9.75-4.365 9.75-9.75 9.75S2.25 17.385 2.25 12Zm14.024-.983a1.125 1.125 0 0 1 0 1.966l-5.603 3.113A1.125 1.125 0 0 1 9 15.113V8.887c0-.857.921-1.4 1.671-.983l5.603 3.113Z\" clip-rule=\"evenodd\" \/><\/svg>        \n    <\/div>\n    <div class=\"ayg-thumbnail-caption\">\n         \n            <div class=\"ayg-thumbnail-title\">Dr. Sylvia Holle-Robatsch im Interview bei ORF, am 12.11.2012<\/div>\n         \n                    <\/div>           \n<\/div>                <\/div>\n                    <\/div>\n            <\/ayg-theme-classic>\n<\/div>\n\n<\/div>\n","protected":false},"excerpt":{"rendered":"<p>Latest News! &nbsp; Watch latest videos of Dr. Sylvia Holle Robatsch<\/p>\n","protected":false},"author":1,"featured_media":0,"parent":0,"menu_order":0,"comment_status":"closed","ping_status":"closed","template":"","meta":[],"_links":{"self":[{"href":"https:\/\/www.holle-robatsch.at\/en\/wp-json\/wp\/v2\/pages\/2691"}],"collection":[{"href":"https:\/\/www.holle-robatsch.at\/en\/wp-json\/wp\/v2\/pages"}],"about":[{"href":"https:\/\/www.holle-robatsch.at\/en\/wp-json\/wp\/v2\/types\/page"}],"author":[{"embeddable":true,"href":"https:\/\/www.holle-robatsch.at\/en\/wp-json\/wp\/v2\/users\/1"}],"replies":[{"embeddable":true,"href":"https:\/\/www.holle-robatsch.at\/en\/wp-json\/wp\/v2\/comments?post=2691"}],"version-history":[{"count":6,"href":"https:\/\/www.holle-robatsch.at\/en\/wp-json\/wp\/v2\/pages\/2691\/revisions"}],"predecessor-version":[{"id":3026,"href":"https:\/\/www.holle-robatsch.at\/en\/wp-json\/wp\/v2\/pages\/2691\/revisions\/3026"}],"wp:attachment":[{"href":"https:\/\/www.holle-robatsch.at\/en\/wp-json\/wp\/v2\/media?parent=2691"}],"curies":[{"name":"wp","href":"https:\/\/api.w.org\/{rel}","templated":true}]}}